{"id":9,"date":"2019-08-15T10:53:39","date_gmt":"2019-08-15T10:53:39","guid":{"rendered":"http:\/\/b-u-w-eberhardt-stiftung.de\/?page_id=9"},"modified":"2019-08-15T11:08:59","modified_gmt":"2019-08-15T11:08:59","slug":"stiftung","status":"publish","type":"page","link":"https:\/\/b-u-w-eberhardt-stiftung.de\/?page_id=9","title":{"rendered":"Stiftung"},"content":{"rendered":"\n<p>Stiftungszweck der Brigitte-und-Werner-Eberhardt-Stiftung ist die F\u00f6rderung von Kunst und Kultur im Bereich der  Evangelischen Landeskirche in W\u00fcrttemberg, dabei insbesondere die  F\u00f6rderung der Kirchenmusik und der musikalischen Bildung. Vor allem wird  dieses Anliegen erf\u00fcllt durch die Auslobung von Preisen f\u00fcr  herausragende Leistungen im fachpraktischen Abitur Musik am <a rel=\"noreferrer noopener\" href=\"http:\/\/www.seminar-maulbronn.de\" target=\"_blank\">Evangelischen Seminar Maulbronn<\/a>.<\/p>\n\n\n\n<p>Ein weiterer gleichwertiger Stiftungszweck ist die F\u00f6rderung der Bildung  und Ausbildung von Kindern und Jugendlichen sowie die Unterst\u00fctzung  bed\u00fcrftiger Kinder und Jugendlicher im In- und Ausland. <\/p>\n","protected":false},"excerpt":{"rendered":"<p>Stiftungszweck der Brigitte-und-Werner-Eberhardt-Stiftung ist die F\u00f6rderung von Kunst und Kultur im Bereich der Evangelischen Landeskirche in W\u00fcrttemberg, dabei insbesondere die F\u00f6rderung der Kirchenmusik und der musikalischen Bildung. Vor allem wird dieses Anliegen erf\u00fcllt durch die Auslobung von Preisen f\u00fcr herausragende Leistungen im fachpraktischen Abitur Musik am Evangelischen Seminar Maulbronn. Ein weiterer gleichwertiger Stiftungszweck ist die &hellip; <\/p>\n<p class=\"link-more\"><a href=\"https:\/\/b-u-w-eberhardt-stiftung.de\/?page_id=9\" class=\"more-link\"><span class=\"screen-reader-text\">\u201eStiftung\u201c <\/span>weiterlesen<\/a><\/p>\n","protected":false},"author":1,"featured_media":0,"parent":0,"menu_order":0,"comment_status":"closed","ping_status":"closed","template":"","meta":{"footnotes":""},"class_list":["post-9","page","type-page","status-publish","hentry"],"_links":{"self":[{"href":"https:\/\/b-u-w-eberhardt-stiftung.de\/index.php?rest_route=\/wp\/v2\/pages\/9","targetHints":{"allow":["GET"]}}],"collection":[{"href":"https:\/\/b-u-w-eberhardt-stiftung.de\/index.php?rest_route=\/wp\/v2\/pages"}],"about":[{"href":"https:\/\/b-u-w-eberhardt-stiftung.de\/index.php?rest_route=\/wp\/v2\/types\/page"}],"author":[{"embeddable":true,"href":"https:\/\/b-u-w-eberhardt-stiftung.de\/index.php?rest_route=\/wp\/v2\/users\/1"}],"replies":[{"embeddable":true,"href":"https:\/\/b-u-w-eberhardt-stiftung.de\/index.php?rest_route=%2Fwp%2Fv2%2Fcomments&post=9"}],"version-history":[{"count":3,"href":"https:\/\/b-u-w-eberhardt-stiftung.de\/index.php?rest_route=\/wp\/v2\/pages\/9\/revisions"}],"predecessor-version":[{"id":41,"href":"https:\/\/b-u-w-eberhardt-stiftung.de\/index.php?rest_route=\/wp\/v2\/pages\/9\/revisions\/41"}],"wp:attachment":[{"href":"https:\/\/b-u-w-eberhardt-stiftung.de\/index.php?rest_route=%2Fwp%2Fv2%2Fmedia&parent=9"}],"curies":[{"name":"wp","href":"https:\/\/api.w.org\/{rel}","templated":true}]}}